{"id":88470,"date":"2015-03-30T15:09:23","date_gmt":"2015-03-30T13:09:23","guid":{"rendered":"https:\/\/dev.komlohotelgyula.hu\/galeria\/"},"modified":"2025-08-19T15:21:28","modified_gmt":"2025-08-19T13:21:28","slug":"galeria","status":"publish","type":"page","link":"https:\/\/komlohotelgyula.hu\/ro\/galeria\/","title":{"rendered":"Galerie"},"content":{"rendered":"<p>[et_pb_section fb_built=&#8221;1&#8243; fullwidth=&#8221;on&#8221; admin_label=&#8221;Szakasz&#8221; _builder_version=&#8221;4.20.2&#8243; _module_preset=&#8221;default&#8221; custom_margin=&#8221;||||false|false&#8221; top_divider_height=&#8221;49px&#8221; bottom_divider_style=&#8221;wave2&#8243; bottom_divider_color=&#8221;#383838&#8243; bottom_divider_height=&#8221;4.5em&#8221; saved_tabs=&#8221;all&#8221; locked=&#8221;off&#8221; global_colors_info=&#8221;{}&#8221;][et_pb_fullwidth_post_title meta=&#8221;off&#8221; featured_placement=&#8221;background&#8221; admin_label=&#8221;Teljes sz\u00e9less\u00e9g\u0171 bejegyz\u00e9s c\u00edm&#8221; _builder_version=&#8221;4.20.2&#8243; _module_preset=&#8221;default&#8221; title_font=&#8221;|||on|||||&#8221; title_text_align=&#8221;center&#8221; title_text_color=&#8221;#FFFFFF&#8221; title_font_size=&#8221;4em&#8221; title_letter_spacing=&#8221;0.1em&#8221; background_color=&#8221;rgba(84,84,84,0.54)&#8221; use_background_color_gradient=&#8221;on&#8221; background_color_gradient_stops=&#8221;#b5a166 0%|rgba(0,0,0,0.42) 40%&#8221; background_color_gradient_overlays_image=&#8221;on&#8221; background_color_gradient_start=&#8221;#5a9612&#8243; background_color_gradient_end=&#8221;rgba(0,0,0,0.42)&#8221; background_color_gradient_end_position=&#8221;40%&#8221; background_image=&#8221;https:\/\/static.komlohotelgyula.hu\/wp-content\/uploads\/komlo-hotel-gyula-20-scaled.jpg&#8221; min_height=&#8221;61vh&#8221; min_height_tablet=&#8221;&#8221; min_height_phone=&#8221;&#8221; min_height_last_edited=&#8221;on|desktop&#8221; custom_margin=&#8221;0px||||false|false&#8221; custom_padding=&#8221;33vh||5vh||false|false&#8221; filter_saturate=&#8221;133%&#8221; filter_brightness=&#8221;108%&#8221; filter_invert=&#8221;8%&#8221; filter_sepia=&#8221;7%&#8221; title_font_size_tablet=&#8221;2.5em&#8221; title_font_size_phone=&#8221;1.3em&#8221; title_font_size_last_edited=&#8221;on|desktop&#8221; title_letter_spacing_tablet=&#8221;&#8221; title_letter_spacing_phone=&#8221;2px&#8221; title_letter_spacing_last_edited=&#8221;on|phone&#8221; title_text_shadow_style=&#8221;preset5&#8243; title_text_shadow_blur_strength=&#8221;0.25em&#8221; title_text_shadow_color=&#8221;#000000&#8243; global_colors_info=&#8221;{}&#8221;][\/et_pb_fullwidth_post_title][\/et_pb_section][et_pb_section fb_built=&#8221;1&#8243; _builder_version=&#8221;4.16&#8243; global_colors_info=&#8221;{}&#8221;][et_pb_row _builder_version=&#8221;4.16&#8243; background_size=&#8221;initial&#8221; background_position=&#8221;top_left&#8221; background_repeat=&#8221;repeat&#8221; custom_padding=&#8221;0px|||||&#8221; global_colors_info=&#8221;{}&#8221;][et_pb_column type=&#8221;4_4&#8243; _builder_version=&#8221;4.16&#8243; custom_padding=&#8221;|||&#8221; global_colors_info=&#8221;{}&#8221; custom_padding__hover=&#8221;|||&#8221;][et_pb_text module_class=&#8221;belso_artdeco_keret&#8221; _builder_version=&#8221;4.21.2&#8243; _module_preset=&#8221;default&#8221; header_2_font_size=&#8221;0.8vw&#8221; header_2_font_size_tablet=&#8221;3vw&#8221; header_2_font_size_phone=&#8221;5vw&#8221; header_2_font_size_last_edited=&#8221;on|phone&#8221; locked=&#8221;off&#8221; global_colors_info=&#8221;{}&#8221;]<\/p>\n<h2 style=\"text-align: center;\">Permite-ne s\u0103 te invit\u0103m \u00eentr-o c\u0103l\u0103torie! \u00centr-o c\u0103l\u0103torie virtual\u0103 \u00een care ar\u0103t\u0103m tot ceea ce suntem m\u00e2ndri pe bun\u0103 dreptate.<\/h2>\n<h2 style=\"text-align: center;\">Credem c\u0103 Koml\u00f3, care a fost re\u00eenviat \u00een 2016, este unul dintre cele mai frumoase \u0219i elegante hoteluri din \u021bar\u0103.<\/h2>\n<p>[\/et_pb_text][et_pb_text _builder_version=&#8221;4.21.2&#8243; header_4_line_height=&#8221;1.4em&#8221; background_size=&#8221;initial&#8221; background_position=&#8221;top_left&#8221; background_repeat=&#8221;repeat&#8221; global_colors_info=&#8221;{}&#8221;]<\/p>\n<p style=\"text-align: center;\">Un loc unde unicitatea &#8211; specialitatea &#8211; \u0219i luxul se \u00eent\u00e2lnesc. Un loc ales de oaspe\u021bii autohtoni drept al doilea cel mai popular hotel din \u021bar\u0103 \u00een 2017. Un loc pe care toat\u0103 lumea ar trebui s\u0103-l vad\u0103!<\/p>\n<p>[\/et_pb_text][\/et_pb_column][\/et_pb_row][et_pb_row _builder_version=&#8221;4.20.2&#8243; _module_preset=&#8221;default&#8221; global_colors_info=&#8221;{}&#8221; locked=&#8221;off&#8221;][et_pb_column type=&#8221;4_4&#8243; _builder_version=&#8221;4.20.2&#8243; _module_preset=&#8221;default&#8221; global_colors_info=&#8221;{}&#8221;][et_pb_gallery gallery_ids=&#8221;89925,89910,85807,85772,85766,89934,85769,85862,85775,89949,85779,89955,85782,85880,89952,85792,89913,85795,85925,89943,85810,85889,85798,89946,85801,85804,85785,85841,85813,85819,89937,85829,85904,85823,85877,85844,85853,85859,89916,89931,85868,89919,85883,85865,85871,85838,89928,85826,85874,89922,85886,85847,85892,85895,85898,85832,85901,85835,85907,85856&#8243; posts_number=&#8221;300&#8243; show_title_and_caption=&#8221;off&#8221; show_pagination=&#8221;off&#8221; _builder_version=&#8221;4.27.4&#8243; _module_preset=&#8221;default&#8221; module_alignment=&#8221;center&#8221; min_height=&#8221;1000px&#8221; height=&#8221;1000px&#8221; custom_margin=&#8221;0px||||false|false&#8221; custom_padding=&#8221;0px||||false|false&#8221; custom_css_gallery_item=&#8221;width: 33.33% !important;||margin: 0 !important;||padding: 2px !important;||clear: none !important;&#8221; box_shadow_style_image=&#8221;preset2&#8243; global_colors_info=&#8221;{}&#8221; custom_css_gallery_item_last_edited=&#8221;on|phone&#8221; custom_css_gallery_item_tablet=&#8221;width: 50% !important;||margin: 0 !important;||clear: none !important;&#8221; custom_css_gallery_item_phone=&#8221;||margin: auto !important;||clear: none !important;||||||&#8221;][\/et_pb_gallery][\/et_pb_column][\/et_pb_row][\/et_pb_section]<\/p>\n","protected":false},"excerpt":{"rendered":"<p>Permite-ne s\u0103 te invit\u0103m \u00eentr-o c\u0103l\u0103torie! \u00centr-o c\u0103l\u0103torie virtual\u0103 \u00een care ar\u0103t\u0103m tot ceea ce suntem m\u00e2ndri pe bun\u0103 dreptate. Credem c\u0103 Koml\u00f3, care a fost re\u00eenviat \u00een 2016, este unul dintre cele mai frumoase \u0219i elegante hoteluri din \u021bar\u0103.Un loc unde unicitatea &#8211; specialitatea &#8211; \u0219i luxul se \u00eent\u00e2lnesc. Un loc ales de oaspe\u021bii [&hellip;]<\/p>\n","protected":false},"author":2,"featured_media":0,"parent":0,"menu_order":0,"comment_status":"closed","ping_status":"closed","template":"","meta":{"_et_pb_use_builder":"on","_et_pb_old_content":"<h4 style=\"text-align: center;\">Engedje meg, hogy egy utaz\u00e1sra invit\u00e1ljuk \u00d6nt! Egy olyan virtu\u00e1lis \u00fatra, ahol megmutatjuk mindazt, amire m\u00e9lt\u00e1n b\u00fcszk\u00e9k vagyunk. Hissz\u00fck, hogy a 2016-ban \u00fajj\u00e1\u00e9lsztett Koml\u00f3 az orsz\u00e1g egyik legszebb \u00e9s legeleg\u00e1nsabb sz\u00e1llod\u00e1ja.<\/h4><p style=\"text-align: center;\">Egy olyan hely, ahol az egyedis\u00e9g - a k\u00fcl\u00f6nlegess\u00e9g - \u00e9s a luxus tal\u00e1lkozik. Egy olyan hely, amit a hazai vend\u00e9gek 2017-ben az orsz\u00e1g m\u00e1sodik legn\u00e9pszer\u0171bb sz\u00e1llod\u00e1j\u00e1nak v\u00e1lasztottak. Egy olyan hely, amit mindenkinek l\u00e1tnia kell!<\/p><p>[gallery link=\"file\" caption=\"yes\" size=\"small-grid-size\" columns=\"4\" ids=\"9761,9762,9754,9753,9751,9752,9763,9755,9794,9756,11331,11333\"]<\/p>","_et_gb_content_width":"","footnotes":""},"class_list":["post-88470","page","type-page","status-publish","hentry"],"yoast_head":"<!-- This site is optimized with the Yoast SEO Premium plugin v27.2 (Yoast SEO v27.2) - https:\/\/yoast.com\/product\/yoast-seo-premium-wordpress\/ -->\n<title>Gal\u00e9ria, egykori legpatin\u00e1sabb sz\u00e1lloda k\u00e9pekben, luxus \u00e9s elegancia - Koml\u00f3 Hotel Gyula<\/title>\n<meta name=\"description\" content=\"Tekintse meg k\u00e9pekben Gyula v\u00e1ros\u00e1nak egykori legpatin\u00e1sabb els\u0151 sz\u00e1llod\u00e1j\u00e1t, az egykori Koml\u00f3 Sz\u00e1ll\u00f3nak otthont ad\u00f3 sz\u00e9p szecesszi\u00f3s \u00e9p\u00fclet.\" \/>\n<meta name=\"robots\" content=\"index, follow, max-snippet:-1, max-image-preview:large, max-video-preview:-1\" \/>\n<link rel=\"canonical\" href=\"https:\/\/komlohotelgyula.hu\/ro\/galeria\/\" \/>\n<meta property=\"og:locale\" content=\"ro_RO\" \/>\n<meta property=\"og:type\" content=\"article\" \/>\n<meta property=\"og:title\" content=\"Koml\u00f3 Hotel Gyula**** - A var\u00e1zslat!\" \/>\n<meta property=\"og:description\" content=\"Vend\u00e9geink szerint mag\u00e1val ragad\u00f3 a Hotel var\u00e1zslatos hangulata. Mutatjuk, mi\u00e9rt!\" \/>\n<meta property=\"og:url\" content=\"https:\/\/komlohotelgyula.hu\/ro\/galeria\/\" \/>\n<meta property=\"og:site_name\" content=\"Koml\u00f3 Hotel Gyula\" \/>\n<meta property=\"article:publisher\" content=\"https:\/\/www.facebook.com\/KomloHotelGyula\/\" \/>\n<meta property=\"article:modified_time\" content=\"2025-08-19T13:21:28+00:00\" \/>\n<meta name=\"twitter:card\" content=\"summary_large_image\" \/>\n<meta name=\"twitter:title\" content=\"Galerie\" \/>\n<meta name=\"twitter:label1\" content=\"Timp estimat pentru citire\" \/>\n\t<meta name=\"twitter:data1\" content=\"13 minute\" \/>\n<script type=\"application\/ld+json\" class=\"yoast-schema-graph\">{\"@context\":\"https:\/\/schema.org\",\"@graph\":[{\"@type\":\"WebPage\",\"@id\":\"https:\/\/komlohotelgyula.hu\/ro\/galeria\/\",\"url\":\"https:\/\/komlohotelgyula.hu\/ro\/galeria\/\",\"name\":\"Gal\u00e9ria, egykori legpatin\u00e1sabb sz\u00e1lloda k\u00e9pekben, luxus \u00e9s elegancia - Koml\u00f3 Hotel Gyula\",\"isPartOf\":{\"@id\":\"https:\/\/komlohotelgyula.hu\/#website\"},\"datePublished\":\"2015-03-30T13:09:23+00:00\",\"dateModified\":\"2025-08-19T13:21:28+00:00\",\"description\":\"Tekintse meg k\u00e9pekben Gyula v\u00e1ros\u00e1nak egykori legpatin\u00e1sabb els\u0151 sz\u00e1llod\u00e1j\u00e1t, az egykori Koml\u00f3 Sz\u00e1ll\u00f3nak otthont ad\u00f3 sz\u00e9p szecesszi\u00f3s \u00e9p\u00fclet.\",\"breadcrumb\":{\"@id\":\"https:\/\/komlohotelgyula.hu\/ro\/galeria\/#breadcrumb\"},\"inLanguage\":\"ro-RO\",\"potentialAction\":[{\"@type\":\"ReadAction\",\"target\":[\"https:\/\/komlohotelgyula.hu\/ro\/galeria\/\"]}]},{\"@type\":\"BreadcrumbList\",\"@id\":\"https:\/\/komlohotelgyula.hu\/ro\/galeria\/#breadcrumb\",\"itemListElement\":[{\"@type\":\"ListItem\",\"position\":1,\"name\":\"Home\",\"item\":\"https:\/\/komlohotelgyula.hu\/ro\/\"},{\"@type\":\"ListItem\",\"position\":2,\"name\":\"Galerie\"}]},{\"@type\":\"WebSite\",\"@id\":\"https:\/\/komlohotelgyula.hu\/#website\",\"url\":\"https:\/\/komlohotelgyula.hu\/\",\"name\":\"Koml\u00f3 Hotel Gyula\",\"description\":\"\",\"potentialAction\":[{\"@type\":\"SearchAction\",\"target\":{\"@type\":\"EntryPoint\",\"urlTemplate\":\"https:\/\/komlohotelgyula.hu\/?s={search_term_string}\"},\"query-input\":{\"@type\":\"PropertyValueSpecification\",\"valueRequired\":true,\"valueName\":\"search_term_string\"}}],\"inLanguage\":\"ro-RO\"}]}<\/script>\n<!-- \/ Yoast SEO Premium plugin. -->","yoast_head_json":{"title":"Gal\u00e9ria, egykori legpatin\u00e1sabb sz\u00e1lloda k\u00e9pekben, luxus \u00e9s elegancia - Koml\u00f3 Hotel Gyula","description":"Tekintse meg k\u00e9pekben Gyula v\u00e1ros\u00e1nak egykori legpatin\u00e1sabb els\u0151 sz\u00e1llod\u00e1j\u00e1t, az egykori Koml\u00f3 Sz\u00e1ll\u00f3nak otthont ad\u00f3 sz\u00e9p szecesszi\u00f3s \u00e9p\u00fclet.","robots":{"index":"index","follow":"follow","max-snippet":"max-snippet:-1","max-image-preview":"max-image-preview:large","max-video-preview":"max-video-preview:-1"},"canonical":"https:\/\/komlohotelgyula.hu\/ro\/galeria\/","og_locale":"ro_RO","og_type":"article","og_title":"Koml\u00f3 Hotel Gyula**** - A var\u00e1zslat!","og_description":"Vend\u00e9geink szerint mag\u00e1val ragad\u00f3 a Hotel var\u00e1zslatos hangulata. Mutatjuk, mi\u00e9rt!","og_url":"https:\/\/komlohotelgyula.hu\/ro\/galeria\/","og_site_name":"Koml\u00f3 Hotel Gyula","article_publisher":"https:\/\/www.facebook.com\/KomloHotelGyula\/","article_modified_time":"2025-08-19T13:21:28+00:00","twitter_card":"summary_large_image","twitter_title":"Galerie","twitter_misc":{"Timp estimat pentru citire":"13 minute"},"schema":{"@context":"https:\/\/schema.org","@graph":[{"@type":"WebPage","@id":"https:\/\/komlohotelgyula.hu\/ro\/galeria\/","url":"https:\/\/komlohotelgyula.hu\/ro\/galeria\/","name":"Gal\u00e9ria, egykori legpatin\u00e1sabb sz\u00e1lloda k\u00e9pekben, luxus \u00e9s elegancia - Koml\u00f3 Hotel Gyula","isPartOf":{"@id":"https:\/\/komlohotelgyula.hu\/#website"},"datePublished":"2015-03-30T13:09:23+00:00","dateModified":"2025-08-19T13:21:28+00:00","description":"Tekintse meg k\u00e9pekben Gyula v\u00e1ros\u00e1nak egykori legpatin\u00e1sabb els\u0151 sz\u00e1llod\u00e1j\u00e1t, az egykori Koml\u00f3 Sz\u00e1ll\u00f3nak otthont ad\u00f3 sz\u00e9p szecesszi\u00f3s \u00e9p\u00fclet.","breadcrumb":{"@id":"https:\/\/komlohotelgyula.hu\/ro\/galeria\/#breadcrumb"},"inLanguage":"ro-RO","potentialAction":[{"@type":"ReadAction","target":["https:\/\/komlohotelgyula.hu\/ro\/galeria\/"]}]},{"@type":"BreadcrumbList","@id":"https:\/\/komlohotelgyula.hu\/ro\/galeria\/#breadcrumb","itemListElement":[{"@type":"ListItem","position":1,"name":"Home","item":"https:\/\/komlohotelgyula.hu\/ro\/"},{"@type":"ListItem","position":2,"name":"Galerie"}]},{"@type":"WebSite","@id":"https:\/\/komlohotelgyula.hu\/#website","url":"https:\/\/komlohotelgyula.hu\/","name":"Koml\u00f3 Hotel Gyula","description":"","potentialAction":[{"@type":"SearchAction","target":{"@type":"EntryPoint","urlTemplate":"https:\/\/komlohotelgyula.hu\/?s={search_term_string}"},"query-input":{"@type":"PropertyValueSpecification","valueRequired":true,"valueName":"search_term_string"}}],"inLanguage":"ro-RO"}]}},"_links":{"self":[{"href":"https:\/\/komlohotelgyula.hu\/ro\/wp-json\/wp\/v2\/pages\/88470","targetHints":{"allow":["GET"]}}],"collection":[{"href":"https:\/\/komlohotelgyula.hu\/ro\/wp-json\/wp\/v2\/pages"}],"about":[{"href":"https:\/\/komlohotelgyula.hu\/ro\/wp-json\/wp\/v2\/types\/page"}],"author":[{"embeddable":true,"href":"https:\/\/komlohotelgyula.hu\/ro\/wp-json\/wp\/v2\/users\/2"}],"replies":[{"embeddable":true,"href":"https:\/\/komlohotelgyula.hu\/ro\/wp-json\/wp\/v2\/comments?post=88470"}],"version-history":[{"count":1,"href":"https:\/\/komlohotelgyula.hu\/ro\/wp-json\/wp\/v2\/pages\/88470\/revisions"}],"predecessor-version":[{"id":89966,"href":"https:\/\/komlohotelgyula.hu\/ro\/wp-json\/wp\/v2\/pages\/88470\/revisions\/89966"}],"wp:attachment":[{"href":"https:\/\/komlohotelgyula.hu\/ro\/wp-json\/wp\/v2\/media?parent=88470"}],"curies":[{"name":"wp","href":"https:\/\/api.w.org\/{rel}","templated":true}]}}