{"id":10792,"date":"2019-01-02T15:32:17","date_gmt":"2019-01-02T14:32:17","guid":{"rendered":"https:\/\/komlohotelgyula.hu\/?page_id=10792"},"modified":"2019-01-02T15:32:17","modified_gmt":"2019-01-02T14:32:17","slug":"volent-kati","status":"publish","type":"page","link":"https:\/\/komlohotelgyula.hu\/ro\/volent-kati\/","title":{"rendered":"Volent Kati"},"content":{"rendered":"<p><span style=\"font-weight: 400;\">Opera lui Volent Kati, artistul n\u0103scut \u00een Jula, se g\u0103se\u0219te \u00een mai multe s\u0103li de expozi\u021bie \u0219i institu\u021bii ale ora\u0219ului, dar expune \u00een mai multe galerii private din Budapesta, Europa \u0219i America.<\/span><\/p>\n<p>&nbsp;<\/p>\n<p><span style=\"font-weight: 400;\">Citi\u021bi mai multe despre biografia \u0219i expozi\u021biile din galerie.<\/span><\/p>\n<p><span style=\"font-weight: 400;\">Lucr\u0103rile de art\u0103 \u0219i pre\u021burile prezentate de Katalin Volent pentru expozi\u021bie \u0219i v\u00e2nzare.<\/span><\/p>\n<p><span style=\"font-weight: 400;\">Picturi din Jula<\/span><\/p>\n<p>&nbsp;<\/p>\n<p>&nbsp;<\/p>\n<p><span style=\"font-weight: 400;\">Cetatea din Jula (ulei) 50&#215;70 cm 60.990.-HUF<\/span><\/p>\n<p>&nbsp;<\/p>\n<p>&nbsp;<\/p>\n<p><span style=\"font-weight: 400;\">Vechea bibliotec\u0103 (acum Galeria Koh\u00e1n) (ulei) 50&#215;70 cm 60.990.-HUF<\/span><\/p>\n<p>&nbsp;<\/p>\n<p>&nbsp;<\/p>\n<p><span style=\"font-weight: 400;\">Podul baroc cu turnul (ulei) 50&#215;70 cm 60.990.-HUF<\/span><\/p>\n<p>&nbsp;<\/p>\n<p>&nbsp;<\/p>\n<p><span style=\"font-weight: 400;\">Statuia lui Ferenc Erkel la cofet\u0103rie de 100 de ani (ulei) 50&#215;70 cm 60.990.-HUF<\/span><\/p>\n<p>&nbsp;<\/p>\n<p>&nbsp;<\/p>\n<p><span style=\"font-weight: 400;\">Oficiul Primarului (ulei) 50&#215;70 cm 60.990.-HUF<\/span><\/p>\n<p>&nbsp;<\/p>\n<p><span style=\"font-weight: 400;\">Picturi de carnaval:<\/span><\/p>\n<p>&nbsp;<\/p>\n<p>&nbsp;<\/p>\n<p><span style=\"font-weight: 400;\">Camuflaj (ulei) 50&#215;70 cm 60.990.-HUF<\/span><\/p>\n<p>&nbsp;<\/p>\n<p>&nbsp;<\/p>\n<p><span style=\"font-weight: 400;\">Fata de p\u0103un (ulei) 50&#215;70 cm 60.990.-HUF<\/span><\/p>\n<p>&nbsp;<\/p>\n<p>&nbsp;<\/p>\n<p><span style=\"font-weight: 400;\">Fata cu trandafir (ulei) 50&#215;70 cm 60.990.-HUF<\/span><\/p>\n<p>&nbsp;<\/p>\n<p>&nbsp;<\/p>\n<p><span style=\"font-weight: 400;\">Pas\u0103re albastr\u0103 (ulei) 50&#215;70 cm 60.990.-HUF<\/span><\/p>\n<p>&nbsp;<\/p>\n<p>&nbsp;<\/p>\n<p><span style=\"font-weight: 400;\">Regina Nop\u021bii (ulei) 50&#215;70 cm 60.990.-HUF<\/span><\/p>\n<p>&nbsp;<\/p>\n<p><span style=\"font-weight: 400;\">Grafica Transilvan\u0103:<\/span><\/p>\n<p>&nbsp;<\/p>\n<p>&nbsp;<\/p>\n<p><span style=\"font-weight: 400;\">Bal\u00e1zs Orb\u00e1n (tehnic\u0103 mixt\u0103) 30&#215;40 cm 38.990.-HUF<\/span><\/p>\n<p>&nbsp;<\/p>\n<p>&nbsp;<\/p>\n<p><span style=\"font-weight: 400;\">Morm\u00e2ntul lui Bal\u00e1zs Orb\u00e1n (tehnic\u0103 mixt\u0103) 30&#215;40 cm 38.990.-HUF<\/span><\/p>\n<p>&nbsp;<\/p>\n<p>&nbsp;<\/p>\n<p><span style=\"font-weight: 400;\">Poart\u0103 transilvan\u0103 <\/span><span style=\"font-weight: 400;\">Satu Mare<\/span><span style=\"font-weight: 400;\"> (tehnic\u0103 mixt\u0103) 30&#215;40 cm 38.990.-HUF<\/span><\/p>\n<p>&nbsp;<\/p>\n<p>&nbsp;<\/p>\n<p><span style=\"font-weight: 400;\">Street View (strad\u0103) S\u00e2nsimion (tehnic\u0103 mixt\u0103) 30&#215;40 cm 38.990.-HUF<\/span><\/p>\n<p>&nbsp;<\/p>\n<p>&nbsp;<\/p>\n<p><span style=\"font-weight: 400;\">Spre cas\u0103 (tehnic\u0103 mixt\u0103)<\/span> <span style=\"font-weight: 400;\">Odorheiu Secuiesc 30&#215;40 cm 38.990.-HUF<\/span><\/p>\n<p>&nbsp;<\/p>\n<p><span style=\"font-weight: 400;\">V\u00e2nat:<\/span><\/p>\n<p>&nbsp;<\/p>\n<p><span style=\"font-weight: 400;\">Vulpe (tehnic\u0103 mixt\u0103) 30&#215;40 cm 38.990.-HUF<\/span><\/p>\n<p>&nbsp;<\/p>\n<p>&nbsp;<\/p>\n<p><span style=\"font-weight: 400;\">Mistre\u021bi s\u0103lbatici (tehnic\u0103 mixt\u0103) 30&#215;40 cm 38.990.-HUF<\/span><\/p>\n<p>&nbsp;<\/p>\n<p><span style=\"font-weight: 400;\">Cerb (tehnic\u0103 mixt\u0103) 30&#215;40 cm 38.990.-HUF<\/span><\/p>\n<p>&nbsp;<\/p>\n<p>&nbsp;<\/p>\n<p><span style=\"font-weight: 400;\">Beca\u021bine (tehnic\u0103 mixt\u0103) 30&#215;40 cm 38.990.-HUF<\/span><\/p>\n<p>&nbsp;<\/p>\n<p>&nbsp;<\/p>\n<p><span style=\"font-weight: 400;\">Cock fazan (tehnic\u0103 mixt\u0103) 30&#215;40 cm 38.990.-HUF<\/span><\/p>\n<p><span style=\"font-weight: 400;\">Katalin Volent biografie<\/span><\/p>\n<p><span style=\"font-weight: 400;\">&#8222;&#8230; s\u0103 creeze doar cu inim\u0103 umil\u0103, altfel crea\u021bia &#8211; falsificare&#8221; (Renoir)<\/span><\/p>\n<p><span style=\"font-weight: 400;\">M-am n\u0103scut \u00een 1954 la Jula. De asemenea, am terminat studiile de \u0219coal\u0103 primar\u0103 aici \u00een \u0219coala primar\u0103 nr. I, unde diriginta mea, \u00c9va Keresztessy, a fost con\u0219tient de bunele mele abilit\u0103\u021bi de desen. Eram student al pictorului Koszta Roz\u00e1lia (din Jula), apoi \u00een 1968 am fost admis la departamentul de arte grafice al \u0218colii Generale de Art\u0103 Istv\u00e1n T\u00f6m\u00f6rk\u00e9ny din Szeged, apoi la \u0219coala de desen al Colegiului de Formare a Profesorilor Juh\u00e1sz Gyula. Timp de cincisprezece ani am lucrat ca grafic\u0103 de decorator, \u00eentre timp m-am dus la cercul de desen al lui Gy\u00f6rgy Koh\u00e1n. \u00cen 1993, m-am prezentat publicului cu prima expozi\u021bie solo, de atunci am sunt invitat \u00een mod regulat \u00een diferite ora\u0219e \u0219i mici sate din \u021bar\u0103. Sunt membru al Cercului Creativ la Jula, al \u0219colii libere din M\u00e1rt\u00e9ly \u0219i al Salonului Maghiar Independent din Budapesta. Imaginile mele pot fi g\u0103site \u00een institu\u021bii publice \u0219i \u00een galerii private, astfel \u00eenc\u00e2t la Gyula \u00een Spitalul Jude\u021bean P\u00e1ndy K\u00e1lm\u00e1n, \u0218coala de Muzic\u0103 Erkel Ferenc, Colegiul de S\u0103n\u0103tate, \u00een \u0218coala Primar\u0103 nr. II, \u00een Casa maghiarilor din Budapesta, la Sopron la Muzeul Silvic. Lucr\u0103rile mele sunt expuse \u00een str\u0103in\u0103tate \u00een Statele Unite, Germania \u0219i Italia, \u00een galerii private.<\/span><\/p>\n<p>&nbsp;<\/p>\n<p><span style=\"font-weight: 400;\">Tehnica pastel \u0219i grafica sunt favoritele mele. Lucrez \u00eentr-un stil tradi\u021bional, naturalist.<\/span><\/p>\n<p>&nbsp;<\/p>\n<p><span style=\"font-weight: 400;\">M\u0103rturisirea mea de art\u0103 poate fi rezumat\u0103 \u00eentr-un citat Degas: &#8222;Nu \u00eencerca\u021bi pentru a uimi pe al\u021bii.<\/span><span style=\"font-weight: 400;\"> Fii tu insuti, cine se mir\u0103 \u0219i te va face fericit.<\/span><\/p>\n<p>&nbsp;<\/p>\n<p><span style=\"font-weight: 400;\">Expozitiile mele principale:<\/span><\/p>\n<p>&nbsp;<\/p>\n<p><span style=\"font-weight: 400;\">13 septembrie 1997: Budapesta, Salonul Independent Maghiar<\/span><\/p>\n<p>&nbsp;<\/p>\n<p><span style=\"font-weight: 400;\">5 iunie 2001: Budapesta, Casa maghiarilor, &#8222;Transilvania&#8221;<\/span><\/p>\n<p>&nbsp;<\/p>\n<p><span style=\"font-weight: 400;\">13 noiembrie 2001: Szarvas, Muzeul S\u00e1muel Tessedik, &#8222;Transilvania&#8221;<\/span><\/p>\n<p>&nbsp;<\/p>\n<p><span style=\"font-weight: 400;\">17 octombrie 2003: Sarkad, Galeria ora\u0219ului, &#8222;C\u0103l\u0103toriile mele&#8221;<\/span><\/p>\n<p>&nbsp;<\/p>\n<p><span style=\"font-weight: 400;\">29 martie 2005 Budapesta Ministerul Mediului \u0219i Apelor Galeria &#8222;verde&#8221; &#8222;Ape&#8221;<\/span><\/p>\n<p>&nbsp;<\/p>\n<p><span style=\"font-weight: 400;\">21 aprilie 2013 Salonta Mare (Turnul trunchiat\u0103) \u201eSalonta Mare \u0219i Transilvania&#8221;<\/span><\/p>\n<p>&nbsp;<\/p>\n<p><span style=\"font-weight: 400;\">15 februarie 2016: Jula Centrul Cultural Erkel Ferenc &#8222;Lumini noastre&#8221; &#8211; cu Anita Focht<\/span><\/p>\n<p>&nbsp;<\/p>\n<p><span style=\"font-weight: 400;\">1 februarie 2017: Budapesta, Lipt\u00e1k Villa Lumini de Carnaval<\/span><\/p>\n","protected":false},"excerpt":{"rendered":"<p>Opera lui Volent Kati, artistul n\u0103scut \u00een Jula, se g\u0103se\u0219te \u00een mai multe s\u0103li de expozi\u021bie \u0219i institu\u021bii ale ora\u0219ului, dar expune \u00een mai multe galerii private din Budapesta, Europa \u0219i America. &nbsp; Citi\u021bi mai multe despre biografia \u0219i expozi\u021biile din galerie. Lucr\u0103rile de art\u0103 \u0219i pre\u021burile prezentate de Katalin Volent pentru expozi\u021bie \u0219i v\u00e2nzare. [&hellip;]<\/p>\n","protected":false},"author":4,"featured_media":0,"parent":0,"menu_order":0,"comment_status":"closed","ping_status":"closed","template":"","meta":{"_et_pb_use_builder":"","_et_pb_old_content":"","_et_gb_content_width":"","footnotes":""},"class_list":["post-10792","page","type-page","status-publish","hentry"],"yoast_head":"<!-- This site is optimized with the Yoast SEO Premium plugin v27.2 (Yoast SEO v27.2) - https:\/\/yoast.com\/product\/yoast-seo-premium-wordpress\/ -->\n<title>Volent Kati - Koml\u00f3 Hotel Gyula<\/title>\n<meta name=\"robots\" content=\"index, follow, max-snippet:-1, max-image-preview:large, max-video-preview:-1\" \/>\n<link rel=\"canonical\" href=\"https:\/\/komlohotelgyula.hu\/ro\/volent-kati\/\" \/>\n<meta property=\"og:locale\" content=\"ro_RO\" \/>\n<meta property=\"og:type\" content=\"article\" \/>\n<meta property=\"og:title\" content=\"Volent Kati\" \/>\n<meta property=\"og:description\" content=\"Opera lui Volent Kati, artistul n\u0103scut \u00een Jula, se g\u0103se\u0219te \u00een mai multe s\u0103li de expozi\u021bie \u0219i institu\u021bii ale ora\u0219ului, dar expune \u00een mai multe galerii private din Budapesta, Europa \u0219i America. &nbsp; Citi\u021bi mai multe despre biografia \u0219i expozi\u021biile din galerie. Lucr\u0103rile de art\u0103 \u0219i pre\u021burile prezentate de Katalin Volent pentru expozi\u021bie \u0219i v\u00e2nzare. [&hellip;]\" \/>\n<meta property=\"og:url\" content=\"https:\/\/komlohotelgyula.hu\/ro\/volent-kati\/\" \/>\n<meta property=\"og:site_name\" content=\"Koml\u00f3 Hotel Gyula\" \/>\n<meta property=\"article:publisher\" content=\"https:\/\/www.facebook.com\/KomloHotelGyula\/\" \/>\n<meta name=\"twitter:card\" content=\"summary_large_image\" \/>\n<meta name=\"twitter:label1\" content=\"Timp estimat pentru citire\" \/>\n\t<meta name=\"twitter:data1\" content=\"3 minute\" \/>\n<script type=\"application\/ld+json\" class=\"yoast-schema-graph\">{\"@context\":\"https:\/\/schema.org\",\"@graph\":[{\"@type\":\"WebPage\",\"@id\":\"https:\/\/komlohotelgyula.hu\/ro\/volent-kati\/\",\"url\":\"https:\/\/komlohotelgyula.hu\/ro\/volent-kati\/\",\"name\":\"Volent Kati - Koml\u00f3 Hotel Gyula\",\"isPartOf\":{\"@id\":\"https:\/\/komlohotelgyula.hu\/#website\"},\"datePublished\":\"2019-01-02T14:32:17+00:00\",\"breadcrumb\":{\"@id\":\"https:\/\/komlohotelgyula.hu\/ro\/volent-kati\/#breadcrumb\"},\"inLanguage\":\"ro-RO\",\"potentialAction\":[{\"@type\":\"ReadAction\",\"target\":[\"https:\/\/komlohotelgyula.hu\/ro\/volent-kati\/\"]}]},{\"@type\":\"BreadcrumbList\",\"@id\":\"https:\/\/komlohotelgyula.hu\/ro\/volent-kati\/#breadcrumb\",\"itemListElement\":[{\"@type\":\"ListItem\",\"position\":1,\"name\":\"Home\",\"item\":\"https:\/\/komlohotelgyula.hu\/ro\/\"},{\"@type\":\"ListItem\",\"position\":2,\"name\":\"Volent Kati\"}]},{\"@type\":\"WebSite\",\"@id\":\"https:\/\/komlohotelgyula.hu\/#website\",\"url\":\"https:\/\/komlohotelgyula.hu\/\",\"name\":\"Koml\u00f3 Hotel Gyula\",\"description\":\"\",\"potentialAction\":[{\"@type\":\"SearchAction\",\"target\":{\"@type\":\"EntryPoint\",\"urlTemplate\":\"https:\/\/komlohotelgyula.hu\/?s={search_term_string}\"},\"query-input\":{\"@type\":\"PropertyValueSpecification\",\"valueRequired\":true,\"valueName\":\"search_term_string\"}}],\"inLanguage\":\"ro-RO\"}]}<\/script>\n<!-- \/ Yoast SEO Premium plugin. -->","yoast_head_json":{"title":"Volent Kati - Koml\u00f3 Hotel Gyula","robots":{"index":"index","follow":"follow","max-snippet":"max-snippet:-1","max-image-preview":"max-image-preview:large","max-video-preview":"max-video-preview:-1"},"canonical":"https:\/\/komlohotelgyula.hu\/ro\/volent-kati\/","og_locale":"ro_RO","og_type":"article","og_title":"Volent Kati","og_description":"Opera lui Volent Kati, artistul n\u0103scut \u00een Jula, se g\u0103se\u0219te \u00een mai multe s\u0103li de expozi\u021bie \u0219i institu\u021bii ale ora\u0219ului, dar expune \u00een mai multe galerii private din Budapesta, Europa \u0219i America. &nbsp; Citi\u021bi mai multe despre biografia \u0219i expozi\u021biile din galerie. Lucr\u0103rile de art\u0103 \u0219i pre\u021burile prezentate de Katalin Volent pentru expozi\u021bie \u0219i v\u00e2nzare. [&hellip;]","og_url":"https:\/\/komlohotelgyula.hu\/ro\/volent-kati\/","og_site_name":"Koml\u00f3 Hotel Gyula","article_publisher":"https:\/\/www.facebook.com\/KomloHotelGyula\/","twitter_card":"summary_large_image","twitter_misc":{"Timp estimat pentru citire":"3 minute"},"schema":{"@context":"https:\/\/schema.org","@graph":[{"@type":"WebPage","@id":"https:\/\/komlohotelgyula.hu\/ro\/volent-kati\/","url":"https:\/\/komlohotelgyula.hu\/ro\/volent-kati\/","name":"Volent Kati - Koml\u00f3 Hotel Gyula","isPartOf":{"@id":"https:\/\/komlohotelgyula.hu\/#website"},"datePublished":"2019-01-02T14:32:17+00:00","breadcrumb":{"@id":"https:\/\/komlohotelgyula.hu\/ro\/volent-kati\/#breadcrumb"},"inLanguage":"ro-RO","potentialAction":[{"@type":"ReadAction","target":["https:\/\/komlohotelgyula.hu\/ro\/volent-kati\/"]}]},{"@type":"BreadcrumbList","@id":"https:\/\/komlohotelgyula.hu\/ro\/volent-kati\/#breadcrumb","itemListElement":[{"@type":"ListItem","position":1,"name":"Home","item":"https:\/\/komlohotelgyula.hu\/ro\/"},{"@type":"ListItem","position":2,"name":"Volent Kati"}]},{"@type":"WebSite","@id":"https:\/\/komlohotelgyula.hu\/#website","url":"https:\/\/komlohotelgyula.hu\/","name":"Koml\u00f3 Hotel Gyula","description":"","potentialAction":[{"@type":"SearchAction","target":{"@type":"EntryPoint","urlTemplate":"https:\/\/komlohotelgyula.hu\/?s={search_term_string}"},"query-input":{"@type":"PropertyValueSpecification","valueRequired":true,"valueName":"search_term_string"}}],"inLanguage":"ro-RO"}]}},"_links":{"self":[{"href":"https:\/\/komlohotelgyula.hu\/ro\/wp-json\/wp\/v2\/pages\/10792","targetHints":{"allow":["GET"]}}],"collection":[{"href":"https:\/\/komlohotelgyula.hu\/ro\/wp-json\/wp\/v2\/pages"}],"about":[{"href":"https:\/\/komlohotelgyula.hu\/ro\/wp-json\/wp\/v2\/types\/page"}],"author":[{"embeddable":true,"href":"https:\/\/komlohotelgyula.hu\/ro\/wp-json\/wp\/v2\/users\/4"}],"replies":[{"embeddable":true,"href":"https:\/\/komlohotelgyula.hu\/ro\/wp-json\/wp\/v2\/comments?post=10792"}],"version-history":[{"count":0,"href":"https:\/\/komlohotelgyula.hu\/ro\/wp-json\/wp\/v2\/pages\/10792\/revisions"}],"wp:attachment":[{"href":"https:\/\/komlohotelgyula.hu\/ro\/wp-json\/wp\/v2\/media?parent=10792"}],"curies":[{"name":"wp","href":"https:\/\/api.w.org\/{rel}","templated":true}]}}