{"id":10790,"date":"2019-01-02T15:27:35","date_gmt":"2019-01-02T14:27:35","guid":{"rendered":"https:\/\/komlohotelgyula.hu\/?page_id=10790"},"modified":"2019-01-02T15:27:35","modified_gmt":"2019-01-02T14:27:35","slug":"anita-focht","status":"publish","type":"page","link":"https:\/\/komlohotelgyula.hu\/ro\/anita-focht\/","title":{"rendered":"Anita Focht"},"content":{"rendered":"<p><span style=\"font-weight: 400;\">Anita Focht, pictor n\u0103scut \u00een Jula, membru al Clubului Creativ din Jula.<\/span><\/p>\n<p><span style=\"font-weight: 400;\">Pute\u021bi citi mai multe despre biografiile \u0219i expozi\u021biile din partea de jos a galeriei.<\/span><\/p>\n<p>&nbsp;<\/p>\n<p><span style=\"font-weight: 400;\">\u00cen masca (ulei) 50&#215;70 cm\u00a0 \u00a0 \u00a0 \u00a0 \u00a0 \u00a0 \u00a0 \u00a0 \u00a0 \u00a0 \u00a0 \u00a0 \u00a0 \u00a0 \u00a0 \u00a0 \u00a0 \u00a0 \u00a0 \u00a0 \u00a0 \u00a0 \u00a0 \u00a0 \u00a0 \u00a0 \u00a060.990.-HUF<\/span><\/p>\n<p><span style=\"font-weight: 400;\">Carnavalul din Rio (ulei) 50&#215;70 cm \u00a0\u00a0\u00a0\u00a0\u00a0\u00a0\u00a0\u00a0\u00a0\u00a0\u00a0\u00a0\u00a0\u00a0\u00a0\u00a0\u00a0\u00a0\u00a0\u00a0\u00a0\u00a0\u00a0\u00a0\u00a0\u00a0\u00a0\u00a0\u00a0\u00a0\u00a0\u00a0\u00a0\u00a0\u00a0\u00a0\u00a060.990.-HUF<\/span><\/p>\n<p><span style=\"font-weight: 400;\">Dansatoare (ulei) 50&#215;70 cm \u00a0\u00a0\u00a0\u00a0\u00a0\u00a0\u00a0\u00a0\u00a0\u00a0\u00a0\u00a0\u00a0\u00a0\u00a0\u00a0\u00a0\u00a0\u00a0\u00a0\u00a0\u00a0\u00a0\u00a0\u00a0\u00a0\u00a0\u00a0\u00a0\u00a0\u00a0\u00a0\u00a0\u00a0\u00a0\u00a0\u00a0\u00a0\u00a0\u00a0\u00a0\u00a0\u00a0\u00a0\u00a0\u00a0\u00a0\u00a060.990.-HUF<\/span><\/p>\n<p><span style=\"font-weight: 400;\">Gondolier vene\u021bian (ulei) 60&#215;100 cm\u00a0 \u00a0 \u00a0 \u00a0 \u00a0 \u00a0 \u00a0 \u00a0 \u00a0 \u00a0 \u00a0 \u00a0 \u00a0 \u00a0 \u00a0 \u00a0 \u00a0 \u00a083.490.-HUF<\/span><\/p>\n<p>&nbsp;<\/p>\n<p><span style=\"font-weight: 400;\">Biografie<\/span><\/p>\n<p>&nbsp;<\/p>\n<p><span style=\"font-weight: 400;\">Sunt Anita Focht, m-am n\u0103scut \u00een 1971, la Gyula. Sunt legat de Gyula cu multe fire, de\u0219i nu am tr\u0103iesc aici acum cinci ani. Nu exist\u0103 o &#8222;prim\u0103 experien\u021b\u0103&#8221; cu adev\u0103rat decisiv\u0103 \u00een memoria mea despre arta sau munca de art\u0103. Din copil\u0103ria mea \u00eemi place s\u0103 desenez, am dezvoltat cuno\u0219tin\u021bele mele tehnice. Mai t\u00e2rziu, afi\u0219area culorilor mi-a atras, a\u0219a c\u0103 am g\u0103sit acuarel\u0103 \u0219i picturi acrilice.<\/span><\/p>\n<p>&nbsp;<\/p>\n<p><span style=\"font-weight: 400;\">\u00cen lucrare sunt inten\u021bionat, \u00een setul de sarcini \u201dsunt profund\u201d. De\u0219i obiectivele mele pot fi relativ bine definite c\u00e2nd se creeaz\u0103 o imagine, procesul este ceea ce v\u0103 men\u021bine \u00een tensiune, ceea ce este delicios pentru mine. Uneori proced cu meticulozitate, uneori cu pa\u0219i mai mari, \u00een func\u021bie de c\u00e2t de mult sunt interesant de subiect (\u0219i c\u00e2t de ner\u0103bd\u0103tor sunt &#8230;).<\/span><\/p>\n<p>&nbsp;<\/p>\n<p><span style=\"font-weight: 400;\">Nu m\u0103 consider pictor sau artist,- de\u0219i unul dintre prietenii mei de\u0219i unul dintre prietenii mei a comparat lumea sportului cu cazul meu: &#8222;\u00een clasa a treia \u0219i exist\u0103 juc\u0103tori de fotbal, nu toat\u0103 lumea poate fi o stea &#8222;. Pentru mine, cu toate acestea, g\u00e2ndul lui Karinthy Frigyes este mai aproapede: &#8222;Scrierea nu este o chestiune de inspira\u021bie, ci o chestiune de fese&#8221;. Treaba mea seam\u0103n\u0103 cu aceast\u0103 citate. Pentru mine, exist\u0103 pu\u021bine &#8222;state inspirate&#8221;, mai degrab\u0103 pe baza unor planuri \u0219i reflec\u021bii, uneori cu g\u00e2ndire durare, \u0219i apoi fin-tune picturile mele \u00een timp ce pictura, astfel \u00eenc\u00e2t s\u0103 se poat\u0103 seam\u0103n\u0103 cu ceea ce este \u00een capul meu.<\/span><\/p>\n<p><span style=\"font-weight: 400;\">Nu filosofez despre imaginile mele, cred c\u0103 nu trebuie s\u0103 \u00een\u021belegem, c\u0103 trebuie s\u0103 le sim\u021bim. Cred c\u0103 arta frumoas\u0103 este universal ca muzica sau dansul; care aplice cu mijloace metacomunicative \u0219i nu trebuie s\u0103 \u00eentrebam dac\u0103 este vorba despre o mi\u0219care sau o melodie.<\/span><\/p>\n<p>&nbsp;<\/p>\n<p><span style=\"font-weight: 400;\">M\u0103 bazez pe intui\u021bia mea interioar\u0103, voi baza pe aceasta daca este un sentiment placut sau nu.<\/span><\/p>\n<p><span style=\"font-weight: 400;\">Sunt membru al unui grup de arti\u0219ti amatori (la Jula). Din 1997, expozi\u021biile mele au fost \u00een mod regulat \u00een \u00a0toat\u0103 \u021bar\u0103. M\u0103 bucur c\u0103 \u00een ultimii 10 ani am avut o expozi\u021bie de art\u0103 comun\u0103 cu prietena mea grafic\u0103 Volent Kati, chiar aici, la Jula.<\/span><\/p>\n<p>&nbsp;<\/p>\n<p><span style=\"font-weight: 400;\">Expozi\u021bii:<\/span><\/p>\n<p><span style=\"font-weight: 400;\">Szeksz\u00e1rd 1997, Reuniunea Na\u021bional\u0103 a arti\u0219tilor amatori \u00een domeniul s\u0103n\u0103t\u0103\u021bii<\/span><\/p>\n<p>&nbsp;<\/p>\n<p><span style=\"font-weight: 400;\">Jula 1998, Reuniunea Na\u021bional\u0103 a arti\u0219tilor amatori \u00een domeniul s\u0103n\u0103t\u0103\u021bii<\/span><\/p>\n<p>&nbsp;<\/p>\n<p><span style=\"font-weight: 400;\">Kecskem\u00e9t 1999, Reuniunea Na\u021bional\u0103 a arti\u0219tilor amatori \u00een domeniul s\u0103n\u0103t\u0103\u021bii<\/span><\/p>\n<p>&nbsp;<\/p>\n<p><span style=\"font-weight: 400;\">Jula 2002, Galerie P\u00e1ndy: Expozi\u021bia grafic\u0103 &#8222;Prima&#8221;<\/span><\/p>\n<p>&nbsp;<\/p>\n<p><span style=\"font-weight: 400;\">Jula 2002, Locuin\u021be pentru persoanele \u00een v\u00e2rst\u0103 la strada Galamb: \u201e\u00cempreun\u0103\u201c, coproduc\u021bie cu artistul Heuschmidt Zita<\/span><\/p>\n<p>&nbsp;<\/p>\n<p><span style=\"font-weight: 400;\">Jula 2003, Am\u00e1lia Galerie de produse de cofet\u0103rie: &#8222;Poezii de galerie&#8221;, coproduc\u021bie cu creatorul Utassyn\u00e9 Marg\u00f3 Nagy<\/span><\/p>\n<p>&nbsp;<\/p>\n<p><span style=\"font-weight: 400;\">Sarkad 2003, Biblioteca Municipal\u0103: Expozi\u021bia &#8222;Poezii de galerie&#8221; \u0219i prezentarea c\u0103r\u021bii, coproduc\u021bie cu creatorul Utassyn\u00e9 Marg\u00f3 Nagy <\/span><\/p>\n<p><span style=\"font-weight: 400;\">Jula 2003, nr. 3 ABC din V\u00e1ri \u201dShowroom Gallery\u201d<\/span><\/p>\n<p><span style=\"font-weight: 400;\">Jula 2003, Locuin\u021be pentru persoanele \u00een v\u00e2rst\u0103 la strada Eminescu: &#8222;Poezii de galerie&#8221;, coproduc\u021bie cu creatorul Utassyn\u00e9 Marg\u00f3 Nagy<\/span><\/p>\n<p>&nbsp;<\/p>\n<p><span style=\"font-weight: 400;\">V\u00e9szt\u0151 2003, Biblioteca ora\u0219ului: expozi\u021bia &#8222;Improviza\u021bie&#8221;, prezentare de carte la Ziua de Poezii, coproduc\u021bie cu creatorul cu creatorul Utassyn\u00e9 Marg\u00f3 Nagy<\/span><\/p>\n<p>&nbsp;<\/p>\n<p><span style=\"font-weight: 400;\">Jula 2003, Locuin\u021be pentru persoanele \u00een v\u00e2rst\u0103 a Municipiului Budapesta, Zilele de art\u0103 din toamn\u0103<\/span><\/p>\n<p><span style=\"font-weight: 400;\">Sarkad 2004, Casa de Cultura B\u00e9la Bart\u00f3k: &#8222;Imagini de Sticla&#8221;<\/span><\/p>\n<p>&nbsp;<\/p>\n<p><span style=\"font-weight: 400;\">Jula 2004, Am\u00e1lia Galerie de produse de cofet\u0103rie: &#8222;Nave \u0219i faruri&#8221;, coproduc\u021bie cu creatorul Heuschmidt Zita<\/span><\/p>\n<p><span style=\"font-weight: 400;\">Salonta Mare 2004, Muzeul Arany J\u00e1nos \u0219i Biblioteca Municipal\u0103 Teodor Ne\u0219: Expozi\u021bia &#8222;Poezii de galerie&#8221; \u0219i prezentarea c\u0103r\u021bii, coproduc\u021bie cu creatorul Utassyn\u00e9 Marg\u00f3 Nagy<\/span><\/p>\n<p>&nbsp;<\/p>\n<p><span style=\"font-weight: 400;\">Jula 2004, Galerie de Po\u0219t\u0103, Programul pentru copii \u0219i expozi\u021bia<\/span><\/p>\n<p>&nbsp;<\/p>\n<p><span style=\"font-weight: 400;\">Jula 2004, Galeria P\u00e1ndy, &#8222;A\u0219teptare pentru prim\u0103var\u0103&#8221;, prezentarea de poezii \u0219i expozi\u021bie cu creatorul Utassy Nagy Marg\u00f3<\/span><\/p>\n<p>&nbsp;<\/p>\n<p><span style=\"font-weight: 400;\">Jula 2006, Centrul Cultural, &#8222;Laboratorul Cultural&#8221; GYAK (Cercului Creativ la Jula) 10 ani de jubileu expozi\u021bie<\/span><\/p>\n<p>&nbsp;<\/p>\n<p><span style=\"font-weight: 400;\">Jula 2006, Galerie la Facult\u0103\u021bii de Medicin\u0103 din Tessedik Colegiul S\u00e1muel: &#8222;Patru M\u00e2ini&#8221;, coproduc\u021bie cu artista grafic\u0103 Kati Volent<\/span><\/p>\n<p>&nbsp;<\/p>\n<p><span style=\"font-weight: 400;\">Jula 2006, Galeria P\u00e1ndy: expozi\u021bie Jubilee GYAK de 10 ani<\/span><\/p>\n<p>&nbsp;<\/p>\n<p><span style=\"font-weight: 400;\">Budapesta 2007, Zugl\u00f3: Expozi\u021bie de introducere GYAK<\/span><\/p>\n<p>&nbsp;<\/p>\n<p><span style=\"font-weight: 400;\">Jula 2008, Locuin\u021be pentru persoanele \u00een v\u00e2rst\u0103 a Municipiului Budapesta, Zilele de art\u0103 din toamn\u0103<\/span><\/p>\n<p>&nbsp;<\/p>\n<p><span style=\"font-weight: 400;\">Jula 2008, Galerie de Po\u0219t\u0103, &#8222;Anul apelor&#8221;, coproduc\u021bie cu creatorul Heuschmidt Zita<\/span><\/p>\n<p>&nbsp;<\/p>\n<p><span style=\"font-weight: 400;\">Jula 2008, Galerie de Po\u0219t\u0103, \u201dFemeia din noi\u201d coproduc\u021bie cu poeta Elza Korponai<\/span><\/p>\n<p>&nbsp;<\/p>\n<p><span style=\"font-weight: 400;\">Jula 2008, Casa Societ\u0103\u021bii Civile: expozi\u021bia GYAK<\/span><\/p>\n<p>&nbsp;<\/p>\n<p><span style=\"font-weight: 400;\">Jula 2009, Galerie de Po\u0219t\u0103, &#8222;Carneval&#8221;, coproduc\u021bie cu creatorul Heuschmidt Zita<\/span><\/p>\n<p>&nbsp;<\/p>\n<p><span style=\"font-weight: 400;\">Jula 2009, Hotel Elizabeth<\/span><\/p>\n<p>&nbsp;<\/p>\n<p><span style=\"font-weight: 400;\">Jula 2009, Biserica Evanghelic\u0103: &#8222;Casa Mea, Jula&#8221;, coproduc\u021bie cu creatorul Heuschmidt Zita<\/span><\/p>\n<p>&nbsp;<\/p>\n<p><span style=\"font-weight: 400;\">Jula 2010, Locuin\u021be pentru persoanele \u00een v\u00e2rst\u0103 a Municipiului Budapesta, \u00a0S\u0103pt\u0103m\u00e2na artelor de prim\u0103var\u0103<\/span><\/p>\n<p>&nbsp;<\/p>\n<p><span style=\"font-weight: 400;\">Jula 2010, &#8222;Atmosfere mediteraneane&#8221;, coproduc\u021bie cu creatorul Heuschmidt Zita<\/span><\/p>\n<p>&nbsp;<\/p>\n<p><span style=\"font-weight: 400;\">Jula 2011, Centrul Cultural, &#8222;Fe\u021be \u0219i confesiuni&#8221;, coproduc\u021bie cu creatorul Heuschmidt Zita<\/span><\/p>\n<p>&nbsp;<\/p>\n<p><span style=\"font-weight: 400;\">Jula 2011, &#8222;Expozi\u021bia Si-Ma&#8221; (Imre Simonyi \u0219i S\u00e1ndor M\u00e1rai \u00een ziua poeziei &#8230;) o expozi\u021bie comun\u0103 cu creatorii GYAK<\/span><\/p>\n<p><span style=\"font-weight: 400;\">Egerszal\u00f3k 2011, XXXIII. Reuniunea Asocia\u021biei Spitalelor: &#8222;Perle de s\u0103n\u0103tate&#8221; o expozi\u021bie creativ\u0103 la nivel na\u021bional<\/span><\/p>\n<p>&nbsp;<\/p>\n<p><span style=\"font-weight: 400;\">Jula 2012, Galerie de Po\u0219t\u0103: &#8222;Perspective la cr\u0103p\u0103tur\u0103&#8221; &#8211; o expozi\u021bie foto comun\u0103 cu Ildik\u00f3 Berecz<\/span><\/p>\n<p><span style=\"font-weight: 400;\">Jula 2012, \u201cPhotographica Ludens\u201d &#8211; o expozi\u021bie foto comun\u0103 cu Ildik\u00f3 Berecz<\/span><\/p>\n<p><span style=\"font-weight: 400;\">Tatab\u00e1nya 2013, Galeria Contemporan\u0103 al V\u00e9rtes Agora, expozi\u021bie colectiv\u0103 de toamn\u0103<\/span><\/p>\n<p><span style=\"font-weight: 400;\">Jula 2014, Galerie de Po\u0219t\u0103: &#8222;C\u0103l\u0103torii noastre&#8221; coproduc\u021bie cu creatorul Heuschmidt Zita (trilogie I.)<\/span><\/p>\n<p>&nbsp;<\/p>\n<p><span style=\"font-weight: 400;\">Jula 2014, Centrul Cultural, &#8222;Drumurile noastre interioare&#8221; coproduc\u021bie cu creatorul Heuschmidt Zita (trilogie II.)<\/span><\/p>\n<p>&nbsp;<\/p>\n<p><span style=\"font-weight: 400;\">Jula 2014, Cetatea din Jula: &#8222;Roaming la Jula&#8221; coproduc\u021bie cu creatorul Heuschmidt Zita (trilogie III.)<\/span><\/p>\n<p>&nbsp;<\/p>\n<p><span style=\"font-weight: 400;\">Jula 2015, Galerie Koh\u00e1n: &#8222;Kohana \u0219i Eu&#8221; o expozi\u021bie de grup cu membrii GYAK<\/span><\/p>\n<p><span style=\"font-weight: 400;\">Szeged 2015, Hotel Forr\u00e1s: &#8222;Jula \u0219i Szeged&#8221; mini-expozi\u021bie pentru MRE \u0219i MRSZE III. na\u021bional congres<\/span><\/p>\n<p>&nbsp;<\/p>\n<p><span style=\"font-weight: 400;\">Jula 2016, Centrul Cultural: &#8222;Lumini noastre&#8221; &#8211; coproduc\u021bie cu creatorul Katalin Volent<\/span><\/p>\n<p>&nbsp;<\/p>\n<p><span style=\"font-weight: 400;\">Jula 2016, Centrul Cultural Erkel Ferenc: mini-expozi\u021bie expozi\u021bie pentru MRE \u0219i MRSZE IV. na\u021bional congres<\/span><\/p>\n<p>&nbsp;<\/p>\n<p><span style=\"font-weight: 400;\">Budapesta 2017, Villa Lipt\u00e1k &#8222;Atmosfere carnevale&#8221;, coproduc\u021bie cu creatorul Heuschmidt Zita<\/span><\/p>\n<p>&nbsp;<\/p>\n<p><span style=\"font-weight: 400;\">Jula 2017, Centrul Cultural Erkel Ferenc: &#8222;Scriitori, poe\u021bi, arti\u0219ti&#8221; coproduc\u021bie cu creatorul Heuschmidt Zita \u0219i Misink\u00f3 Kata<\/span><\/p>\n","protected":false},"excerpt":{"rendered":"<p>Anita Focht, pictor n\u0103scut \u00een Jula, membru al Clubului Creativ din Jula. Pute\u021bi citi mai multe despre biografiile \u0219i expozi\u021biile din partea de jos a galeriei. &nbsp; \u00cen masca (ulei) 50&#215;70 cm\u00a0 \u00a0 \u00a0 \u00a0 \u00a0 \u00a0 \u00a0 \u00a0 \u00a0 \u00a0 \u00a0 \u00a0 \u00a0 \u00a0 \u00a0 \u00a0 \u00a0 \u00a0 \u00a0 \u00a0 \u00a0 \u00a0 \u00a0 \u00a0 [&hellip;]<\/p>\n","protected":false},"author":4,"featured_media":0,"parent":0,"menu_order":0,"comment_status":"closed","ping_status":"closed","template":"","meta":{"_et_pb_use_builder":"","_et_pb_old_content":"","_et_gb_content_width":"","footnotes":""},"class_list":["post-10790","page","type-page","status-publish","hentry"],"yoast_head":"<!-- This site is optimized with the Yoast SEO Premium plugin v27.2 (Yoast SEO v27.2) - https:\/\/yoast.com\/product\/yoast-seo-premium-wordpress\/ -->\n<title>Anita Focht - Koml\u00f3 Hotel Gyula<\/title>\n<meta name=\"robots\" content=\"index, follow, max-snippet:-1, max-image-preview:large, max-video-preview:-1\" \/>\n<link rel=\"canonical\" href=\"https:\/\/komlohotelgyula.hu\/ro\/anita-focht\/\" \/>\n<meta property=\"og:locale\" content=\"ro_RO\" \/>\n<meta property=\"og:type\" content=\"article\" \/>\n<meta property=\"og:title\" content=\"Anita Focht\" \/>\n<meta property=\"og:description\" content=\"Anita Focht, pictor n\u0103scut \u00een Jula, membru al Clubului Creativ din Jula. Pute\u021bi citi mai multe despre biografiile \u0219i expozi\u021biile din partea de jos a galeriei. &nbsp; \u00cen masca (ulei) 50&#215;70 cm\u00a0 \u00a0 \u00a0 \u00a0 \u00a0 \u00a0 \u00a0 \u00a0 \u00a0 \u00a0 \u00a0 \u00a0 \u00a0 \u00a0 \u00a0 \u00a0 \u00a0 \u00a0 \u00a0 \u00a0 \u00a0 \u00a0 \u00a0 \u00a0 [&hellip;]\" \/>\n<meta property=\"og:url\" content=\"https:\/\/komlohotelgyula.hu\/ro\/anita-focht\/\" \/>\n<meta property=\"og:site_name\" content=\"Koml\u00f3 Hotel Gyula\" \/>\n<meta property=\"article:publisher\" content=\"https:\/\/www.facebook.com\/KomloHotelGyula\/\" \/>\n<meta name=\"twitter:card\" content=\"summary_large_image\" \/>\n<meta name=\"twitter:label1\" content=\"Timp estimat pentru citire\" \/>\n\t<meta name=\"twitter:data1\" content=\"6 minute\" \/>\n<script type=\"application\/ld+json\" class=\"yoast-schema-graph\">{\"@context\":\"https:\/\/schema.org\",\"@graph\":[{\"@type\":\"WebPage\",\"@id\":\"https:\/\/komlohotelgyula.hu\/ro\/anita-focht\/\",\"url\":\"https:\/\/komlohotelgyula.hu\/ro\/anita-focht\/\",\"name\":\"Anita Focht - Koml\u00f3 Hotel Gyula\",\"isPartOf\":{\"@id\":\"https:\/\/komlohotelgyula.hu\/#website\"},\"datePublished\":\"2019-01-02T14:27:35+00:00\",\"breadcrumb\":{\"@id\":\"https:\/\/komlohotelgyula.hu\/ro\/anita-focht\/#breadcrumb\"},\"inLanguage\":\"ro-RO\",\"potentialAction\":[{\"@type\":\"ReadAction\",\"target\":[\"https:\/\/komlohotelgyula.hu\/ro\/anita-focht\/\"]}]},{\"@type\":\"BreadcrumbList\",\"@id\":\"https:\/\/komlohotelgyula.hu\/ro\/anita-focht\/#breadcrumb\",\"itemListElement\":[{\"@type\":\"ListItem\",\"position\":1,\"name\":\"Home\",\"item\":\"https:\/\/komlohotelgyula.hu\/ro\/\"},{\"@type\":\"ListItem\",\"position\":2,\"name\":\"Anita Focht\"}]},{\"@type\":\"WebSite\",\"@id\":\"https:\/\/komlohotelgyula.hu\/#website\",\"url\":\"https:\/\/komlohotelgyula.hu\/\",\"name\":\"Koml\u00f3 Hotel Gyula\",\"description\":\"\",\"potentialAction\":[{\"@type\":\"SearchAction\",\"target\":{\"@type\":\"EntryPoint\",\"urlTemplate\":\"https:\/\/komlohotelgyula.hu\/?s={search_term_string}\"},\"query-input\":{\"@type\":\"PropertyValueSpecification\",\"valueRequired\":true,\"valueName\":\"search_term_string\"}}],\"inLanguage\":\"ro-RO\"}]}<\/script>\n<!-- \/ Yoast SEO Premium plugin. -->","yoast_head_json":{"title":"Anita Focht - Koml\u00f3 Hotel Gyula","robots":{"index":"index","follow":"follow","max-snippet":"max-snippet:-1","max-image-preview":"max-image-preview:large","max-video-preview":"max-video-preview:-1"},"canonical":"https:\/\/komlohotelgyula.hu\/ro\/anita-focht\/","og_locale":"ro_RO","og_type":"article","og_title":"Anita Focht","og_description":"Anita Focht, pictor n\u0103scut \u00een Jula, membru al Clubului Creativ din Jula. Pute\u021bi citi mai multe despre biografiile \u0219i expozi\u021biile din partea de jos a galeriei. &nbsp; \u00cen masca (ulei) 50&#215;70 cm\u00a0 \u00a0 \u00a0 \u00a0 \u00a0 \u00a0 \u00a0 \u00a0 \u00a0 \u00a0 \u00a0 \u00a0 \u00a0 \u00a0 \u00a0 \u00a0 \u00a0 \u00a0 \u00a0 \u00a0 \u00a0 \u00a0 \u00a0 \u00a0 [&hellip;]","og_url":"https:\/\/komlohotelgyula.hu\/ro\/anita-focht\/","og_site_name":"Koml\u00f3 Hotel Gyula","article_publisher":"https:\/\/www.facebook.com\/KomloHotelGyula\/","twitter_card":"summary_large_image","twitter_misc":{"Timp estimat pentru citire":"6 minute"},"schema":{"@context":"https:\/\/schema.org","@graph":[{"@type":"WebPage","@id":"https:\/\/komlohotelgyula.hu\/ro\/anita-focht\/","url":"https:\/\/komlohotelgyula.hu\/ro\/anita-focht\/","name":"Anita Focht - Koml\u00f3 Hotel Gyula","isPartOf":{"@id":"https:\/\/komlohotelgyula.hu\/#website"},"datePublished":"2019-01-02T14:27:35+00:00","breadcrumb":{"@id":"https:\/\/komlohotelgyula.hu\/ro\/anita-focht\/#breadcrumb"},"inLanguage":"ro-RO","potentialAction":[{"@type":"ReadAction","target":["https:\/\/komlohotelgyula.hu\/ro\/anita-focht\/"]}]},{"@type":"BreadcrumbList","@id":"https:\/\/komlohotelgyula.hu\/ro\/anita-focht\/#breadcrumb","itemListElement":[{"@type":"ListItem","position":1,"name":"Home","item":"https:\/\/komlohotelgyula.hu\/ro\/"},{"@type":"ListItem","position":2,"name":"Anita Focht"}]},{"@type":"WebSite","@id":"https:\/\/komlohotelgyula.hu\/#website","url":"https:\/\/komlohotelgyula.hu\/","name":"Koml\u00f3 Hotel Gyula","description":"","potentialAction":[{"@type":"SearchAction","target":{"@type":"EntryPoint","urlTemplate":"https:\/\/komlohotelgyula.hu\/?s={search_term_string}"},"query-input":{"@type":"PropertyValueSpecification","valueRequired":true,"valueName":"search_term_string"}}],"inLanguage":"ro-RO"}]}},"_links":{"self":[{"href":"https:\/\/komlohotelgyula.hu\/ro\/wp-json\/wp\/v2\/pages\/10790","targetHints":{"allow":["GET"]}}],"collection":[{"href":"https:\/\/komlohotelgyula.hu\/ro\/wp-json\/wp\/v2\/pages"}],"about":[{"href":"https:\/\/komlohotelgyula.hu\/ro\/wp-json\/wp\/v2\/types\/page"}],"author":[{"embeddable":true,"href":"https:\/\/komlohotelgyula.hu\/ro\/wp-json\/wp\/v2\/users\/4"}],"replies":[{"embeddable":true,"href":"https:\/\/komlohotelgyula.hu\/ro\/wp-json\/wp\/v2\/comments?post=10790"}],"version-history":[{"count":0,"href":"https:\/\/komlohotelgyula.hu\/ro\/wp-json\/wp\/v2\/pages\/10790\/revisions"}],"wp:attachment":[{"href":"https:\/\/komlohotelgyula.hu\/ro\/wp-json\/wp\/v2\/media?parent=10790"}],"curies":[{"name":"wp","href":"https:\/\/api.w.org\/{rel}","templated":true}]}}